{"version":"1.0","provider_name":"Padre Edward Broom, OMV (P.Escobita)","provider_url":"https:\/\/fatherbroom.com\/es","author_name":"Fr. Ed Broom, OMV","author_url":"https:\/\/fatherbroom.com\/es\/author\/frbroom1212\/","title":"A\u00f1o de la Fe: El Aborto | Padre Edward Broom, OMV (P.Escobita)","type":"rich","width":600,"height":338,"html":"<blockquote class=\"wp-embedded-content\" data-secret=\"mY5NgXfCou\"><a href=\"https:\/\/fatherbroom.com\/es\/2013\/01\/ano-de-la-fe-el-aborto\/\">A\u00f1o de la Fe:  El Aborto<\/a><\/blockquote><iframe sandbox=\"allow-scripts\" security=\"restricted\" src=\"https:\/\/fatherbroom.com\/es\/2013\/01\/ano-de-la-fe-el-aborto\/embed\/#?secret=mY5NgXfCou\" width=\"600\" height=\"338\" title=\"\u00abA\u00f1o de la Fe:  El Aborto\u00bb \u2014 Padre Edward Broom, OMV (P.Escobita)\" data-secret=\"mY5NgXfCou\" frameborder=\"0\" marginwidth=\"0\" marginheight=\"0\" scrolling=\"no\" class=\"wp-embedded-content\"><\/iframe><script type=\"text\/javascript\">\n\/* <![CDATA[ *\/\n\/*! This file is auto-generated *\/\n!function(d,l){\"use strict\";l.querySelector&&d.addEventListener&&\"undefined\"!=typeof URL&&(d.wp=d.wp||{},d.wp.receiveEmbedMessage||(d.wp.receiveEmbedMessage=function(e){var t=e.data;if((t||t.secret||t.message||t.value)&&!\/[^a-zA-Z0-9]\/.test(t.secret)){for(var s,r,n,a=l.querySelectorAll('iframe[data-secret=\"'+t.secret+'\"]'),o=l.querySelectorAll('blockquote[data-secret=\"'+t.secret+'\"]'),c=new RegExp(\"^https?:$\",\"i\"),i=0;i<o.length;i++)o[i].style.display=\"none\";for(i=0;i<a.length;i++)s=a[i],e.source===s.contentWindow&&(s.removeAttribute(\"style\"),\"height\"===t.message?(1e3<(r=parseInt(t.value,10))?r=1e3:~~r<200&&(r=200),s.height=r):\"link\"===t.message&&(r=new URL(s.getAttribute(\"src\")),n=new URL(t.value),c.test(n.protocol))&&n.host===r.host&&l.activeElement===s&&(d.top.location.href=t.value))}},d.addEventListener(\"message\",d.wp.receiveEmbedMessage,!1),l.addEventListener(\"DOMContentLoaded\",function(){for(var e,t,s=l.querySelectorAll(\"iframe.wp-embedded-content\"),r=0;r<s.length;r++)(t=(e=s[r]).getAttribute(\"data-secret\"))||(t=Math.random().toString(36).substring(2,12),e.src+=\"#?secret=\"+t,e.setAttribute(\"data-secret\",t)),e.contentWindow.postMessage({message:\"ready\",secret:t},\"*\")},!1)))}(window,document);\n\/* ]]> *\/\n<\/script>\n","description":"El Padre Broom habla sobre el d\u00eda m s triste de la historia de este pa\u00eds que ocurri\u00f3 hace 40 a\u00f1os, el 22 de enero, 1973 cuando Roe vs Wade legaliz\u00f3 la matanza de beb\u00e9s, el aborto. \u00a1En 40 a\u00f1os, han habido m\u00e1s de 53,000,000 beb\u00e9s asesinados! \u00a1Hay m\u00e1s de 1,300,000 de abortos cada a\u00f1o, [&hellip;]","thumbnail_url":"http:\/\/fatherbroom.com\/es\/wp-content\/media\/sites\/3\/Ignatius_Loyola-2.jpg"}